{"id":129,"date":"2018-04-02T12:24:37","date_gmt":"2018-04-02T10:24:37","guid":{"rendered":"http:\/\/www.le-parc-des-acacias.com\/site\/?page_id=129"},"modified":"2026-04-17T15:04:29","modified_gmt":"2026-04-17T13:04:29","slug":"portee-berger-malinois","status":"publish","type":"page","link":"http:\/\/www.le-parc-des-acacias.com\/site\/chiots-disponibles\/portee-berger-malinois\/","title":{"rendered":"Port\u00e9es Berger Malinois"},"content":{"rendered":"\n<p class=\"has-vivid-red-color has-text-color has-medium-font-size\"><span style=\"color: #993300;\"> Tous nos chiots sont inscrits au LOF, identifi\u00e9s, vaccin\u00e9s et vermifug\u00e9s au d\u00e9part de l\u2019\u00e9<\/span><\/p>\n\n\n\n<p class=\"has-black-color has-luminous-vivid-orange-background-color has-text-color has-background has-medium-font-size\"><strong>UNE NOUVELLE PORTEE A RESERVER !!!<\/strong><\/p>\n\n\n\n<p class=\"has-black-color has-luminous-vivid-amber-background-color has-text-color has-background has-medium-font-size\"><strong>1<\/strong>0 <strong>BEBES MALINOIS SONT  NES LE 05\/03\/2026<\/strong> <strong>!!! <\/strong> <strong>ILS SERONT DISPONIBLES \u00e0 patir du 07\/05\/2026. <\/strong> POUR PLUS DE RENSEIGNEMENTS OU POUR LE VOIR SUR RDV, APPELEZ NOUS AU 06 23 25 84 58.<\/p>\n\n\n\n<figure class=\"wp-block-gallery has-nested-images columns-default is-cropped wp-block-gallery-1 is-layout-flex wp-block-gallery-is-layout-flex\">\n<figure class=\"wp-block-image size-large\"><img loading=\"lazy\" decoding=\"async\" width=\"1024\" height=\"685\" data-id=\"2224\" src=\"http:\/\/www.le-parc-des-acacias.com\/site\/wp-content\/uploads\/2021\/11\/DSC_0024-1024x685.jpg\" alt=\"\" class=\"wp-image-2224\" srcset=\"http:\/\/www.le-parc-des-acacias.com\/site\/wp-content\/uploads\/2021\/11\/DSC_0024-1024x685.jpg 1024w, http:\/\/www.le-parc-des-acacias.com\/site\/wp-content\/uploads\/2021\/11\/DSC_0024-270x181.jpg 270w, http:\/\/www.le-parc-des-acacias.com\/site\/wp-content\/uploads\/2021\/11\/DSC_0024-768x514.jpg 768w, http:\/\/www.le-parc-des-acacias.com\/site\/wp-content\/uploads\/2021\/11\/DSC_0024-1536x1028.jpg 1536w, http:\/\/www.le-parc-des-acacias.com\/site\/wp-content\/uploads\/2021\/11\/DSC_0024.jpg 1936w\" sizes=\"auto, (max-width: 1024px) 100vw, 1024px\" \/><\/figure>\n\n\n\n<figure class=\"wp-block-image size-large\"><img loading=\"lazy\" decoding=\"async\" width=\"1024\" height=\"685\" data-id=\"2090\" src=\"http:\/\/www.le-parc-des-acacias.com\/site\/wp-content\/uploads\/2020\/06\/DSC_0019-1024x685.jpg\" alt=\"\" class=\"wp-image-2090\" srcset=\"http:\/\/www.le-parc-des-acacias.com\/site\/wp-content\/uploads\/2020\/06\/DSC_0019-1024x685.jpg 1024w, http:\/\/www.le-parc-des-acacias.com\/site\/wp-content\/uploads\/2020\/06\/DSC_0019-270x181.jpg 270w, http:\/\/www.le-parc-des-acacias.com\/site\/wp-content\/uploads\/2020\/06\/DSC_0019-768x514.jpg 768w, http:\/\/www.le-parc-des-acacias.com\/site\/wp-content\/uploads\/2020\/06\/DSC_0019-1536x1028.jpg 1536w, http:\/\/www.le-parc-des-acacias.com\/site\/wp-content\/uploads\/2020\/06\/DSC_0019.jpg 1936w\" sizes=\"auto, (max-width: 1024px) 100vw, 1024px\" \/><\/figure>\n\n\n\n<figure class=\"wp-block-image size-large\"><img loading=\"lazy\" decoding=\"async\" width=\"1024\" height=\"685\" data-id=\"460\" src=\"http:\/\/www.le-parc-des-acacias.com\/site\/wp-content\/uploads\/2018\/04\/2016-05-19-12.04.01-1024x685.jpg\" alt=\"\" class=\"wp-image-460\" srcset=\"http:\/\/www.le-parc-des-acacias.com\/site\/wp-content\/uploads\/2018\/04\/2016-05-19-12.04.01-1024x685.jpg 1024w, http:\/\/www.le-parc-des-acacias.com\/site\/wp-content\/uploads\/2018\/04\/2016-05-19-12.04.01-300x201.jpg 300w, http:\/\/www.le-parc-des-acacias.com\/site\/wp-content\/uploads\/2018\/04\/2016-05-19-12.04.01-768x514.jpg 768w, http:\/\/www.le-parc-des-acacias.com\/site\/wp-content\/uploads\/2018\/04\/2016-05-19-12.04.01.jpg 1936w\" sizes=\"auto, (max-width: 1024px) 100vw, 1024px\" \/><\/figure>\n\n\n\n<figure class=\"wp-block-image size-large\"><img loading=\"lazy\" decoding=\"async\" width=\"1024\" height=\"685\" data-id=\"1771\" src=\"http:\/\/www.le-parc-des-acacias.com\/site\/wp-content\/uploads\/2019\/08\/2019-08-15-12.06.03-1024x685.jpg\" alt=\"\" class=\"wp-image-1771\" srcset=\"http:\/\/www.le-parc-des-acacias.com\/site\/wp-content\/uploads\/2019\/08\/2019-08-15-12.06.03-1024x685.jpg 1024w, http:\/\/www.le-parc-des-acacias.com\/site\/wp-content\/uploads\/2019\/08\/2019-08-15-12.06.03-270x181.jpg 270w, http:\/\/www.le-parc-des-acacias.com\/site\/wp-content\/uploads\/2019\/08\/2019-08-15-12.06.03-768x514.jpg 768w, http:\/\/www.le-parc-des-acacias.com\/site\/wp-content\/uploads\/2019\/08\/2019-08-15-12.06.03.jpg 1936w\" sizes=\"auto, (max-width: 1024px) 100vw, 1024px\" \/><\/figure>\n<\/figure>\n\n\n\n<figure class=\"wp-block-image size-large is-resized\"><img loading=\"lazy\" decoding=\"async\" width=\"705\" height=\"1024\" src=\"http:\/\/www.le-parc-des-acacias.com\/site\/wp-content\/uploads\/2025\/07\/2024-11-02-14.42.36-705x1024.jpg\" alt=\"\" class=\"wp-image-2740\" style=\"width:639px;height:auto\" srcset=\"http:\/\/www.le-parc-des-acacias.com\/site\/wp-content\/uploads\/2025\/07\/2024-11-02-14.42.36-705x1024.jpg 705w, http:\/\/www.le-parc-des-acacias.com\/site\/wp-content\/uploads\/2025\/07\/2024-11-02-14.42.36-172x250.jpg 172w, http:\/\/www.le-parc-des-acacias.com\/site\/wp-content\/uploads\/2025\/07\/2024-11-02-14.42.36-768x1116.jpg 768w, http:\/\/www.le-parc-des-acacias.com\/site\/wp-content\/uploads\/2025\/07\/2024-11-02-14.42.36-1057x1536.jpg 1057w, http:\/\/www.le-parc-des-acacias.com\/site\/wp-content\/uploads\/2025\/07\/2024-11-02-14.42.36-1410x2048.jpg 1410w, http:\/\/www.le-parc-des-acacias.com\/site\/wp-content\/uploads\/2025\/07\/2024-11-02-14.42.36-scaled.jpg 1762w\" sizes=\"auto, (max-width: 705px) 100vw, 705px\" \/><\/figure>\n","protected":false},"excerpt":{"rendered":"<p>Tous nos chiots sont inscrits au LOF, identifi\u00e9s, vaccin\u00e9s et vermifug\u00e9s au d\u00e9part de l\u2019\u00e9 UNE NOUVELLE PORTEE A RESERVER !!! 10 BEBES MALINOIS SONT NES LE 05\/03\/2026 !!! ILS SERONT DISPONIBLES \u00e0 patir du 07\/05\/2026. POUR PLUS DE RENSEIGNEMENTS&hellip; <\/p>\n","protected":false},"author":1,"featured_media":0,"parent":76,"menu_order":0,"comment_status":"closed","ping_status":"closed","template":"","meta":{"footnotes":""},"class_list":["post-129","page","type-page","status-publish","hentry"],"_links":{"self":[{"href":"http:\/\/www.le-parc-des-acacias.com\/site\/wp-json\/wp\/v2\/pages\/129","targetHints":{"allow":["GET"]}}],"collection":[{"href":"http:\/\/www.le-parc-des-acacias.com\/site\/wp-json\/wp\/v2\/pages"}],"about":[{"href":"http:\/\/www.le-parc-des-acacias.com\/site\/wp-json\/wp\/v2\/types\/page"}],"author":[{"embeddable":true,"href":"http:\/\/www.le-parc-des-acacias.com\/site\/wp-json\/wp\/v2\/users\/1"}],"replies":[{"embeddable":true,"href":"http:\/\/www.le-parc-des-acacias.com\/site\/wp-json\/wp\/v2\/comments?post=129"}],"version-history":[{"count":287,"href":"http:\/\/www.le-parc-des-acacias.com\/site\/wp-json\/wp\/v2\/pages\/129\/revisions"}],"predecessor-version":[{"id":2771,"href":"http:\/\/www.le-parc-des-acacias.com\/site\/wp-json\/wp\/v2\/pages\/129\/revisions\/2771"}],"up":[{"embeddable":true,"href":"http:\/\/www.le-parc-des-acacias.com\/site\/wp-json\/wp\/v2\/pages\/76"}],"wp:attachment":[{"href":"http:\/\/www.le-parc-des-acacias.com\/site\/wp-json\/wp\/v2\/media?parent=129"}],"curies":[{"name":"wp","href":"https:\/\/api.w.org\/{rel}","templated":true}]}}